{"id":181,"date":"2020-03-23T22:48:43","date_gmt":"2020-03-23T22:48:43","guid":{"rendered":"http:\/\/www.oidhreacht.ie\/product\/ardaigh-an-laiste\/"},"modified":"2024-09-22T00:00:09","modified_gmt":"2024-09-22T00:00:09","slug":"ardaigh-an-laiste","status":"publish","type":"product","link":"https:\/\/www.oidhreacht.ie\/ga\/product\/ardaigh-an-laiste\/","title":{"rendered":"Ardaigh an Laiste"},"content":{"rendered":"","protected":false},"excerpt":{"rendered":"<p>ISBN 9780906 096 215<\/p>\n<p>Amhr\u00e1in agus Rannta don Aos \u00d3g at\u00e1 anso agus iad a r\u00e1 ag Bernie Ph\u00e1id N\u00ed Mhuircheartaigh agus ag P\u00e1id\u00ed Mh\u00e1rthain Mac Gearailt \u00f3 Chorca Dhuibhne, Co. Chiarra\u00ed. \u00a0Leanann seo Sic\u00edn Mise go Sona S\u00e1sta a d\u2019eisigh Oidhreacht Chorca Dhuibhne i gcomhar leis na hamhr\u00e1naithe c\u00e9anna sa bhliain 2014. \u00a0\u00c1is \u00ed seo do Chuairteoir\u00ed Baile de chuid T\u00fas Maith, Sc\u00e9im Taca\u00edochta Teanga do thuismitheoir\u00ed Gaeltachta ag Oidhreacht Chorca Dhuibhne, Baile an Fheirt\u00e9araigh, Co. Chiarra\u00ed agus do Ch\u00fant\u00f3ir\u00ed Teanga i mbunscoileanna Chorca Dhuibhne. \u00a0Deineadh an t-\u00e1bhar a thaifead le maoini\u00fa \u00f3n Roinn Eala\u00edon, Oidhreachta, Gn\u00f3tha\u00ed R\u00e9igi\u00fanacha, Tuaithe agus Gaeltachta. \u00a0Bu\u00edochas le Donogh Hennessy a bh\u00ed i mbun taifid agus tionlacain ar an ndl\u00fathdhiosca. \u00a0Ba \u00e9 D\u00f3mhnal \u00d3 Bric, D\u00fan Chaoin, Co. Chiarra\u00ed a bh\u00ed i mbun eala\u00edne agus Feargal Mac Amhlaoibh, Inn\u00e9 Teo., D\u00fan Chaoin, Co. Chiarra\u00ed an dearth\u00f3ir. \u00a0Allmedia a chuir i gcl\u00f3. \u00a0Orlaith Ruis\u00e9al (T\u00fas Maith &amp; Oidhreacht Chorca Dhuibhne) a chomhordaigh an togra.<\/p>\n","protected":false},"featured_media":151,"template":"","meta":{"_acf_changed":false,"ocean_post_layout":"","ocean_both_sidebars_style":"","ocean_both_sidebars_content_width":0,"ocean_both_sidebars_sidebars_width":0,"ocean_sidebar":"0","ocean_second_sidebar":"0","ocean_disable_margins":"enable","ocean_add_body_class":"","ocean_shortcode_before_top_bar":"","ocean_shortcode_after_top_bar":"","ocean_shortcode_before_header":"","ocean_shortcode_after_header":"","ocean_has_shortcode":"","ocean_shortcode_after_title":"","ocean_shortcode_before_footer_widgets":"","ocean_shortcode_after_footer_widgets":"","ocean_shortcode_before_footer_bottom":"","ocean_shortcode_after_footer_bottom":"","ocean_display_top_bar":"default","ocean_display_header":"default","ocean_header_style":"","ocean_center_header_left_menu":"0","ocean_custom_header_template":"0","ocean_custom_logo":0,"ocean_custom_retina_logo":0,"ocean_custom_logo_max_width":0,"ocean_custom_logo_tablet_max_width":0,"ocean_custom_logo_mobile_max_width":0,"ocean_custom_logo_max_height":0,"ocean_custom_logo_tablet_max_height":0,"ocean_custom_logo_mobile_max_height":0,"ocean_header_custom_menu":"0","ocean_menu_typo_font_family":"0","ocean_menu_typo_font_subset":"","ocean_menu_typo_font_size":0,"ocean_menu_typo_font_size_tablet":0,"ocean_menu_typo_font_size_mobile":0,"ocean_menu_typo_font_size_unit":"px","ocean_menu_typo_font_weight":"","ocean_menu_typo_font_weight_tablet":"","ocean_menu_typo_font_weight_mobile":"","ocean_menu_typo_transform":"","ocean_menu_typo_transform_tablet":"","ocean_menu_typo_transform_mobile":"","ocean_menu_typo_line_height":0,"ocean_menu_typo_line_height_tablet":0,"ocean_menu_typo_line_height_mobile":0,"ocean_menu_typo_line_height_unit":"","ocean_menu_typo_spacing":0,"ocean_menu_typo_spacing_tablet":0,"ocean_menu_typo_spacing_mobile":0,"ocean_menu_typo_spacing_unit":"","ocean_menu_link_color":"","ocean_menu_link_color_hover":"","ocean_menu_link_color_active":"","ocean_menu_link_background":"","ocean_menu_link_hover_background":"","ocean_menu_link_active_background":"","ocean_menu_social_links_bg":"","ocean_menu_social_hover_links_bg":"","ocean_menu_social_links_color":"","ocean_menu_social_hover_links_color":"","ocean_disable_title":"default","ocean_disable_heading":"default","ocean_post_title":"","ocean_post_subheading":"","ocean_post_title_style":"","ocean_post_title_background_color":"","ocean_post_title_background":0,"ocean_post_title_bg_image_position":"","ocean_post_title_bg_image_attachment":"","ocean_post_title_bg_image_repeat":"","ocean_post_title_bg_image_size":"","ocean_post_title_height":0,"ocean_post_title_bg_overlay":0.5,"ocean_post_title_bg_overlay_color":"","ocean_disable_breadcrumbs":"default","ocean_breadcrumbs_color":"","ocean_breadcrumbs_separator_color":"","ocean_breadcrumbs_links_color":"","ocean_breadcrumbs_links_hover_color":"","ocean_display_footer_widgets":"default","ocean_display_footer_bottom":"default","ocean_custom_footer_template":"0"},"product_brand":[],"product_cat":[25],"product_tag":[],"class_list":{"0":"post-181","1":"product","2":"type-product","3":"status-publish","4":"has-post-thumbnail","6":"product_cat-foilseachain","7":"product_shipping_class-suas-go-a5-doimhneacht-faoibhun5mm","9":"entry","10":"has-media","12":"first","13":"outofstock","14":"shipping-taxable","15":"purchasable","16":"product-type-simple","17":"has-product-nav","18":"col","19":"span_1_of_4","20":"owp-content-center","21":"owp-thumbs-layout-horizontal","22":"owp-btn-normal","23":"owp-tabs-layout-horizontal","24":"has-no-thumbnails"},"acf":[],"yoast_head":"<!-- This site is optimized with the Yoast SEO plugin v27.5 - https:\/\/yoast.com\/product\/yoast-seo-wordpress\/ -->\n<title>Ardaigh an Laiste - Oidhreacht Chorca Dhuibhne<\/title>\n<meta name=\"robots\" content=\"index, follow, max-snippet:-1, max-image-preview:large, max-video-preview:-1\" \/>\n<link rel=\"canonical\" href=\"https:\/\/www.oidhreacht.ie\/ga\/product\/ardaigh-an-laiste\/\" \/>\n<meta property=\"og:locale\" content=\"ga_IE\" \/>\n<meta property=\"og:type\" content=\"article\" \/>\n<meta property=\"og:title\" content=\"Ardaigh an Laiste - Oidhreacht Chorca Dhuibhne\" \/>\n<meta property=\"og:description\" content=\"ISBN 9780906 096 215 Amhr\u00e1in agus Rannta don Aos \u00d3g at\u00e1 anso agus iad a r\u00e1 ag Bernie Ph\u00e1id N\u00ed Mhuircheartaigh agus ag P\u00e1id\u00ed Mh\u00e1rthain Mac Gearailt \u00f3 Chorca Dhuibhne, Co. Chiarra\u00ed. \u00a0Leanann seo Sic\u00edn Mise go Sona S\u00e1sta a d\u2019eisigh Oidhreacht Chorca Dhuibhne i gcomhar leis na hamhr\u00e1naithe c\u00e9anna sa bhliain 2014. \u00a0\u00c1is \u00ed seo do Chuairteoir\u00ed Baile de chuid T\u00fas Maith, Sc\u00e9im Taca\u00edochta Teanga do thuismitheoir\u00ed Gaeltachta ag Oidhreacht Chorca Dhuibhne, Baile an Fheirt\u00e9araigh, Co. Chiarra\u00ed agus do Ch\u00fant\u00f3ir\u00ed Teanga i mbunscoileanna Chorca Dhuibhne. \u00a0Deineadh an t-\u00e1bhar a thaifead le maoini\u00fa \u00f3n Roinn Eala\u00edon, Oidhreachta, Gn\u00f3tha\u00ed R\u00e9igi\u00fanacha, Tuaithe agus Gaeltachta. \u00a0Bu\u00edochas le Donogh Hennessy a bh\u00ed i mbun taifid agus tionlacain ar an ndl\u00fathdhiosca. \u00a0Ba \u00e9 D\u00f3mhnal \u00d3 Bric, D\u00fan Chaoin, Co. Chiarra\u00ed a bh\u00ed i mbun eala\u00edne agus Feargal Mac Amhlaoibh, Inn\u00e9 Teo., D\u00fan Chaoin, Co. Chiarra\u00ed an dearth\u00f3ir. \u00a0Allmedia a chuir i gcl\u00f3. \u00a0Orlaith Ruis\u00e9al (T\u00fas Maith &amp; Oidhreacht Chorca Dhuibhne) a chomhordaigh an togra.\" \/>\n<meta property=\"og:url\" content=\"https:\/\/www.oidhreacht.ie\/ga\/product\/ardaigh-an-laiste\/\" \/>\n<meta property=\"og:site_name\" content=\"Oidhreacht Chorca Dhuibhne\" \/>\n<meta property=\"article:publisher\" content=\"https:\/\/www.facebook.com\/oidhreachtcd\/\" \/>\n<meta property=\"article:modified_time\" content=\"2024-09-22T00:00:09+00:00\" \/>\n<meta property=\"og:image\" content=\"https:\/\/www.oidhreacht.ie\/wp-content\/uploads\/2020\/02\/ardaigh-an-laiste.jpg\" \/>\n\t<meta property=\"og:image:width\" content=\"300\" \/>\n\t<meta property=\"og:image:height\" content=\"300\" \/>\n\t<meta property=\"og:image:type\" content=\"image\/jpeg\" \/>\n<meta name=\"twitter:card\" content=\"summary_large_image\" \/>\n<script type=\"application\/ld+json\" class=\"yoast-schema-graph\">{\"@context\":\"https:\\\/\\\/schema.org\",\"@graph\":[{\"@type\":\"WebPage\",\"@id\":\"https:\\\/\\\/www.oidhreacht.ie\\\/ga\\\/product\\\/ardaigh-an-laiste\\\/\",\"url\":\"https:\\\/\\\/www.oidhreacht.ie\\\/ga\\\/product\\\/ardaigh-an-laiste\\\/\",\"name\":\"Ardaigh an Laiste - Oidhreacht Chorca Dhuibhne\",\"isPartOf\":{\"@id\":\"https:\\\/\\\/www.oidhreacht.ie\\\/ga\\\/#website\"},\"primaryImageOfPage\":{\"@id\":\"https:\\\/\\\/www.oidhreacht.ie\\\/ga\\\/product\\\/ardaigh-an-laiste\\\/#primaryimage\"},\"image\":{\"@id\":\"https:\\\/\\\/www.oidhreacht.ie\\\/ga\\\/product\\\/ardaigh-an-laiste\\\/#primaryimage\"},\"thumbnailUrl\":\"https:\\\/\\\/www.oidhreacht.ie\\\/wp-content\\\/uploads\\\/2020\\\/02\\\/ardaigh-an-laiste.jpg\",\"datePublished\":\"2020-03-23T22:48:43+00:00\",\"dateModified\":\"2024-09-22T00:00:09+00:00\",\"breadcrumb\":{\"@id\":\"https:\\\/\\\/www.oidhreacht.ie\\\/ga\\\/product\\\/ardaigh-an-laiste\\\/#breadcrumb\"},\"inLanguage\":\"ga-IE\",\"potentialAction\":[{\"@type\":\"ReadAction\",\"target\":[\"https:\\\/\\\/www.oidhreacht.ie\\\/ga\\\/product\\\/ardaigh-an-laiste\\\/\"]}]},{\"@type\":\"ImageObject\",\"inLanguage\":\"ga-IE\",\"@id\":\"https:\\\/\\\/www.oidhreacht.ie\\\/ga\\\/product\\\/ardaigh-an-laiste\\\/#primaryimage\",\"url\":\"https:\\\/\\\/www.oidhreacht.ie\\\/wp-content\\\/uploads\\\/2020\\\/02\\\/ardaigh-an-laiste.jpg\",\"contentUrl\":\"https:\\\/\\\/www.oidhreacht.ie\\\/wp-content\\\/uploads\\\/2020\\\/02\\\/ardaigh-an-laiste.jpg\",\"width\":300,\"height\":300,\"caption\":\"Ardaigh an Laiste\"},{\"@type\":\"BreadcrumbList\",\"@id\":\"https:\\\/\\\/www.oidhreacht.ie\\\/ga\\\/product\\\/ardaigh-an-laiste\\\/#breadcrumb\",\"itemListElement\":[{\"@type\":\"ListItem\",\"position\":1,\"name\":\"Home\",\"item\":\"https:\\\/\\\/www.oidhreacht.ie\\\/ga\\\/\"},{\"@type\":\"ListItem\",\"position\":2,\"name\":\"Shop\",\"item\":\"https:\\\/\\\/www.oidhreacht.ie\\\/ga\\\/shop-2\\\/\"},{\"@type\":\"ListItem\",\"position\":3,\"name\":\"Ardaigh an Laiste\"}]},{\"@type\":\"WebSite\",\"@id\":\"https:\\\/\\\/www.oidhreacht.ie\\\/ga\\\/#website\",\"url\":\"https:\\\/\\\/www.oidhreacht.ie\\\/ga\\\/\",\"name\":\"Oidhreacht Chorca Dhuibhne\",\"description\":\"Irish Language Courses on the Dingle Peninsula\",\"publisher\":{\"@id\":\"https:\\\/\\\/www.oidhreacht.ie\\\/ga\\\/#organization\"},\"potentialAction\":[{\"@type\":\"SearchAction\",\"target\":{\"@type\":\"EntryPoint\",\"urlTemplate\":\"https:\\\/\\\/www.oidhreacht.ie\\\/ga\\\/?s={search_term_string}\"},\"query-input\":{\"@type\":\"PropertyValueSpecification\",\"valueRequired\":true,\"valueName\":\"search_term_string\"}}],\"inLanguage\":\"ga-IE\"},{\"@type\":\"Organization\",\"@id\":\"https:\\\/\\\/www.oidhreacht.ie\\\/ga\\\/#organization\",\"name\":\"Oidhreacht Chorca Dhuibhne\",\"url\":\"https:\\\/\\\/www.oidhreacht.ie\\\/ga\\\/\",\"logo\":{\"@type\":\"ImageObject\",\"inLanguage\":\"ga-IE\",\"@id\":\"https:\\\/\\\/www.oidhreacht.ie\\\/ga\\\/#\\\/schema\\\/logo\\\/image\\\/\",\"url\":\"https:\\\/\\\/www.oidhreacht.ie\\\/wp-content\\\/uploads\\\/2020\\\/02\\\/oidhreacht-logo-1.png\",\"contentUrl\":\"https:\\\/\\\/www.oidhreacht.ie\\\/wp-content\\\/uploads\\\/2020\\\/02\\\/oidhreacht-logo-1.png\",\"width\":300,\"height\":100,\"caption\":\"Oidhreacht Chorca Dhuibhne\"},\"image\":{\"@id\":\"https:\\\/\\\/www.oidhreacht.ie\\\/ga\\\/#\\\/schema\\\/logo\\\/image\\\/\"},\"sameAs\":[\"https:\\\/\\\/www.facebook.com\\\/oidhreachtcd\\\/\",\"https:\\\/\\\/www.instagram.com\\\/oidhreacht_chorca_dhuibhne\\\/\"]}]}<\/script>\n<!-- \/ Yoast SEO plugin. -->","yoast_head_json":{"title":"Ardaigh an Laiste - Oidhreacht Chorca Dhuibhne","robots":{"index":"index","follow":"follow","max-snippet":"max-snippet:-1","max-image-preview":"max-image-preview:large","max-video-preview":"max-video-preview:-1"},"canonical":"https:\/\/www.oidhreacht.ie\/ga\/product\/ardaigh-an-laiste\/","og_locale":"ga_IE","og_type":"article","og_title":"Ardaigh an Laiste - Oidhreacht Chorca Dhuibhne","og_description":"ISBN 9780906 096 215 Amhr\u00e1in agus Rannta don Aos \u00d3g at\u00e1 anso agus iad a r\u00e1 ag Bernie Ph\u00e1id N\u00ed Mhuircheartaigh agus ag P\u00e1id\u00ed Mh\u00e1rthain Mac Gearailt \u00f3 Chorca Dhuibhne, Co. Chiarra\u00ed. \u00a0Leanann seo Sic\u00edn Mise go Sona S\u00e1sta a d\u2019eisigh Oidhreacht Chorca Dhuibhne i gcomhar leis na hamhr\u00e1naithe c\u00e9anna sa bhliain 2014. \u00a0\u00c1is \u00ed seo do Chuairteoir\u00ed Baile de chuid T\u00fas Maith, Sc\u00e9im Taca\u00edochta Teanga do thuismitheoir\u00ed Gaeltachta ag Oidhreacht Chorca Dhuibhne, Baile an Fheirt\u00e9araigh, Co. Chiarra\u00ed agus do Ch\u00fant\u00f3ir\u00ed Teanga i mbunscoileanna Chorca Dhuibhne. \u00a0Deineadh an t-\u00e1bhar a thaifead le maoini\u00fa \u00f3n Roinn Eala\u00edon, Oidhreachta, Gn\u00f3tha\u00ed R\u00e9igi\u00fanacha, Tuaithe agus Gaeltachta. \u00a0Bu\u00edochas le Donogh Hennessy a bh\u00ed i mbun taifid agus tionlacain ar an ndl\u00fathdhiosca. \u00a0Ba \u00e9 D\u00f3mhnal \u00d3 Bric, D\u00fan Chaoin, Co. Chiarra\u00ed a bh\u00ed i mbun eala\u00edne agus Feargal Mac Amhlaoibh, Inn\u00e9 Teo., D\u00fan Chaoin, Co. Chiarra\u00ed an dearth\u00f3ir. \u00a0Allmedia a chuir i gcl\u00f3. \u00a0Orlaith Ruis\u00e9al (T\u00fas Maith &amp; Oidhreacht Chorca Dhuibhne) a chomhordaigh an togra.","og_url":"https:\/\/www.oidhreacht.ie\/ga\/product\/ardaigh-an-laiste\/","og_site_name":"Oidhreacht Chorca Dhuibhne","article_publisher":"https:\/\/www.facebook.com\/oidhreachtcd\/","article_modified_time":"2024-09-22T00:00:09+00:00","og_image":[{"width":300,"height":300,"url":"https:\/\/www.oidhreacht.ie\/wp-content\/uploads\/2020\/02\/ardaigh-an-laiste.jpg","type":"image\/jpeg"}],"twitter_card":"summary_large_image","schema":{"@context":"https:\/\/schema.org","@graph":[{"@type":"WebPage","@id":"https:\/\/www.oidhreacht.ie\/ga\/product\/ardaigh-an-laiste\/","url":"https:\/\/www.oidhreacht.ie\/ga\/product\/ardaigh-an-laiste\/","name":"Ardaigh an Laiste - Oidhreacht Chorca Dhuibhne","isPartOf":{"@id":"https:\/\/www.oidhreacht.ie\/ga\/#website"},"primaryImageOfPage":{"@id":"https:\/\/www.oidhreacht.ie\/ga\/product\/ardaigh-an-laiste\/#primaryimage"},"image":{"@id":"https:\/\/www.oidhreacht.ie\/ga\/product\/ardaigh-an-laiste\/#primaryimage"},"thumbnailUrl":"https:\/\/www.oidhreacht.ie\/wp-content\/uploads\/2020\/02\/ardaigh-an-laiste.jpg","datePublished":"2020-03-23T22:48:43+00:00","dateModified":"2024-09-22T00:00:09+00:00","breadcrumb":{"@id":"https:\/\/www.oidhreacht.ie\/ga\/product\/ardaigh-an-laiste\/#breadcrumb"},"inLanguage":"ga-IE","potentialAction":[{"@type":"ReadAction","target":["https:\/\/www.oidhreacht.ie\/ga\/product\/ardaigh-an-laiste\/"]}]},{"@type":"ImageObject","inLanguage":"ga-IE","@id":"https:\/\/www.oidhreacht.ie\/ga\/product\/ardaigh-an-laiste\/#primaryimage","url":"https:\/\/www.oidhreacht.ie\/wp-content\/uploads\/2020\/02\/ardaigh-an-laiste.jpg","contentUrl":"https:\/\/www.oidhreacht.ie\/wp-content\/uploads\/2020\/02\/ardaigh-an-laiste.jpg","width":300,"height":300,"caption":"Ardaigh an Laiste"},{"@type":"BreadcrumbList","@id":"https:\/\/www.oidhreacht.ie\/ga\/product\/ardaigh-an-laiste\/#breadcrumb","itemListElement":[{"@type":"ListItem","position":1,"name":"Home","item":"https:\/\/www.oidhreacht.ie\/ga\/"},{"@type":"ListItem","position":2,"name":"Shop","item":"https:\/\/www.oidhreacht.ie\/ga\/shop-2\/"},{"@type":"ListItem","position":3,"name":"Ardaigh an Laiste"}]},{"@type":"WebSite","@id":"https:\/\/www.oidhreacht.ie\/ga\/#website","url":"https:\/\/www.oidhreacht.ie\/ga\/","name":"Oidhreacht Chorca Dhuibhne","description":"Irish Language Courses on the Dingle Peninsula","publisher":{"@id":"https:\/\/www.oidhreacht.ie\/ga\/#organization"},"potentialAction":[{"@type":"SearchAction","target":{"@type":"EntryPoint","urlTemplate":"https:\/\/www.oidhreacht.ie\/ga\/?s={search_term_string}"},"query-input":{"@type":"PropertyValueSpecification","valueRequired":true,"valueName":"search_term_string"}}],"inLanguage":"ga-IE"},{"@type":"Organization","@id":"https:\/\/www.oidhreacht.ie\/ga\/#organization","name":"Oidhreacht Chorca Dhuibhne","url":"https:\/\/www.oidhreacht.ie\/ga\/","logo":{"@type":"ImageObject","inLanguage":"ga-IE","@id":"https:\/\/www.oidhreacht.ie\/ga\/#\/schema\/logo\/image\/","url":"https:\/\/www.oidhreacht.ie\/wp-content\/uploads\/2020\/02\/oidhreacht-logo-1.png","contentUrl":"https:\/\/www.oidhreacht.ie\/wp-content\/uploads\/2020\/02\/oidhreacht-logo-1.png","width":300,"height":100,"caption":"Oidhreacht Chorca Dhuibhne"},"image":{"@id":"https:\/\/www.oidhreacht.ie\/ga\/#\/schema\/logo\/image\/"},"sameAs":["https:\/\/www.facebook.com\/oidhreachtcd\/","https:\/\/www.instagram.com\/oidhreacht_chorca_dhuibhne\/"]}]}},"_links":{"self":[{"href":"https:\/\/www.oidhreacht.ie\/ga\/wp-json\/wp\/v2\/product\/181","targetHints":{"allow":["GET"]}}],"collection":[{"href":"https:\/\/www.oidhreacht.ie\/ga\/wp-json\/wp\/v2\/product"}],"about":[{"href":"https:\/\/www.oidhreacht.ie\/ga\/wp-json\/wp\/v2\/types\/product"}],"wp:featuredmedia":[{"embeddable":true,"href":"https:\/\/www.oidhreacht.ie\/ga\/wp-json\/wp\/v2\/media\/151"}],"wp:attachment":[{"href":"https:\/\/www.oidhreacht.ie\/ga\/wp-json\/wp\/v2\/media?parent=181"}],"wp:term":[{"taxonomy":"product_brand","embeddable":true,"href":"https:\/\/www.oidhreacht.ie\/ga\/wp-json\/wp\/v2\/product_brand?post=181"},{"taxonomy":"product_cat","embeddable":true,"href":"https:\/\/www.oidhreacht.ie\/ga\/wp-json\/wp\/v2\/product_cat?post=181"},{"taxonomy":"product_tag","embeddable":true,"href":"https:\/\/www.oidhreacht.ie\/ga\/wp-json\/wp\/v2\/product_tag?post=181"}],"curies":[{"name":"wp","href":"https:\/\/api.w.org\/{rel}","templated":true}]}}